{"id":3519,"date":"2025-02-15T06:39:39","date_gmt":"2025-02-15T06:39:39","guid":{"rendered":"https:\/\/solarconnectafrica.com\/staging\/?page_id=3519"},"modified":"2025-08-17T16:45:38","modified_gmt":"2025-08-17T16:45:38","slug":"pays-daccueil","status":"publish","type":"page","link":"https:\/\/solarconnectafrica.com\/staging\/fr\/pays-daccueil\/","title":{"rendered":"Pays d&#8217;accueil"},"content":{"rendered":"\t\t<div data-elementor-type=\"wp-page\" data-elementor-id=\"3519\" class=\"elementor elementor-3519\">\n\t\t\t\t<div class=\"elementor-element elementor-element-4e529d0 e-flex e-con-boxed e-con e-parent\" data-id=\"4e529d0\" data-element_type=\"container\" data-settings=\"{&quot;background_background&quot;:&quot;classic&quot;}\">\n\t\t\t\t\t<div class=\"e-con-inner\">\n\t\t\t\t<div class=\"elementor-element elementor-element-1017937 elementor-widget elementor-widget-image\" data-id=\"1017937\" data-element_type=\"widget\" data-widget_type=\"image.default\">\n\t\t\t\t<div class=\"elementor-widget-container\">\n\t\t\t\t\t\t\t\t\t\t\t\t\t\t\t<img fetchpriority=\"high\" decoding=\"async\" width=\"829\" height=\"301\" src=\"https:\/\/solarconnectafrica.com\/staging\/wp-content\/uploads\/2024\/12\/pic12-removebg-preview-1.png\" class=\"attachment-large size-large wp-image-2213\" alt=\"\" srcset=\"https:\/\/solarconnectafrica.com\/staging\/wp-content\/uploads\/2024\/12\/pic12-removebg-preview-1.png 829w, https:\/\/solarconnectafrica.com\/staging\/wp-content\/uploads\/2024\/12\/pic12-removebg-preview-1-300x109.png 300w, https:\/\/solarconnectafrica.com\/staging\/wp-content\/uploads\/2024\/12\/pic12-removebg-preview-1-768x279.png 768w\" sizes=\"(max-width: 829px) 100vw, 829px\" \/>\t\t\t\t\t\t\t\t\t\t\t\t\t\t\t<\/div>\n\t\t\t\t<\/div>\n\t\t\t\t\t<\/div>\n\t\t\t\t<\/div>\n\t\t\t\t<section class=\"elementor-section elementor-top-section elementor-element elementor-element-elcbmv6 elementor-section-content-middle elementor-section-boxed elementor-section-height-default elementor-section-height-default\" data-id=\"elcbmv6\" data-element_type=\"section\" data-settings=\"{&quot;background_background&quot;:&quot;classic&quot;}\">\n\t\t\t\t\t\t\t<div class=\"elementor-background-overlay\"><\/div>\n\t\t\t\t\t\t\t<div class=\"elementor-container elementor-column-gap-no\">\n\t\t\t\t\t<div class=\"elementor-column elementor-col-100 elementor-top-column elementor-element elementor-element-19be28e\" data-id=\"19be28e\" data-element_type=\"column\">\n\t\t\t<div class=\"elementor-widget-wrap elementor-element-populated\">\n\t\t\t\t\t\t<div class=\"elementor-element elementor-element-f20d2f9 elementor-widget elementor-widget-heading\" data-id=\"f20d2f9\" data-element_type=\"widget\" data-widget_type=\"heading.default\">\n\t\t\t\t<div class=\"elementor-widget-container\">\n\t\t\t\t\t<h2 class=\"elementor-heading-title elementor-size-default\"><span style=\"font-size:30.0pt;font-family;color:#F5DD5F;font-weight:bold\">\u00c0 PROPOS DU CAMEROUN<\/span><\/h2>\t\t\t\t<\/div>\n\t\t\t\t<\/div>\n\t\t\t\t\t<\/div>\n\t\t<\/div>\n\t\t\t\t\t<\/div>\n\t\t<\/section>\n\t\t\t\t<section class=\"elementor-section elementor-top-section elementor-element elementor-element-lb38b2q elementor-section-content-middle elementor-section-boxed elementor-section-height-default elementor-section-height-default\" data-id=\"lb38b2q\" data-element_type=\"section\" data-settings=\"{&quot;background_background&quot;:&quot;classic&quot;}\">\n\t\t\t\t\t\t\t<div class=\"elementor-background-overlay\"><\/div>\n\t\t\t\t\t\t\t<div class=\"elementor-container elementor-column-gap-no\">\n\t\t\t\t\t<div class=\"elementor-column elementor-col-100 elementor-top-column elementor-element elementor-element-e68dcfe\" data-id=\"e68dcfe\" data-element_type=\"column\">\n\t\t\t<div class=\"elementor-widget-wrap elementor-element-populated\">\n\t\t\t\t\t\t<div class=\"elementor-element elementor-element-eecb14b elementor-widget__width-initial elementor-widget elementor-widget-heading\" data-id=\"eecb14b\" data-element_type=\"widget\" data-widget_type=\"heading.default\">\n\t\t\t\t<div class=\"elementor-widget-container\">\n\t\t\t\t\t<h2 class=\"elementor-heading-title elementor-size-default\">Situ\u00e9 au centre-ouest de l'Afrique, le Cameroun est un pays connu pour sa riche diversit\u00e9 culturelle et g\u00e9ographique. Il partage des fronti\u00e8res avec le Nig\u00e9ria \u00e0 l'ouest, le Tchad au nord-est, la R\u00e9publique centrafricaine \u00e0 l'est et la Guin\u00e9e \u00e9quatoriale, le Gabon et la R\u00e9publique du Congo au sud. Son littoral sud s'\u00e9tend le long de la baie de Bonny, une extension du golfe de Guin\u00e9e dans l'oc\u00e9an Atlantique. Souvent d\u00e9crit comme \"<b>l'Afrique en miniature<\/b>\", le Cameroun pr\u00e9sente une grande vari\u00e9t\u00e9 de paysages, de climats et de traditions. La capitale, Yaound\u00e9, est situ\u00e9e \u00e0 l'int\u00e9rieur des terres, tandis que Douala, la plus grande ville du pays, sert de centre \u00e9conomique et de principal port maritime.<\/h2>\t\t\t\t<\/div>\n\t\t\t\t<\/div>\n\t\t\t\t\t<\/div>\n\t\t<\/div>\n\t\t\t\t\t<\/div>\n\t\t<\/section>\n\t\t\t\t<section class=\"elementor-section elementor-top-section elementor-element elementor-element-67ystav elementor-section-boxed elementor-section-height-default elementor-section-height-default\" data-id=\"67ystav\" data-element_type=\"section\" data-settings=\"{&quot;background_background&quot;:&quot;classic&quot;}\">\n\t\t\t\t\t\t<div class=\"elementor-container elementor-column-gap-no\">\n\t\t\t\t\t<div class=\"elementor-column elementor-col-100 elementor-top-column elementor-element elementor-element-01b78b3\" data-id=\"01b78b3\" data-element_type=\"column\">\n\t\t\t<div class=\"elementor-widget-wrap elementor-element-populated\">\n\t\t\t\t\t\t<section class=\"elementor-section elementor-inner-section elementor-element elementor-element-a421628 elementor-section-content-middle elementor-section-boxed elementor-section-height-default elementor-section-height-default\" data-id=\"a421628\" data-element_type=\"section\">\n\t\t\t\t\t\t<div class=\"elementor-container elementor-column-gap-no\">\n\t\t\t\t\t<div class=\"elementor-column elementor-col-66 elementor-inner-column elementor-element elementor-element-8a9c345\" data-id=\"8a9c345\" data-element_type=\"column\">\n\t\t\t<div class=\"elementor-widget-wrap elementor-element-populated\">\n\t\t\t\t\t\t<div class=\"elementor-element elementor-element-21934a1 elementor-widget elementor-widget-image\" data-id=\"21934a1\" data-element_type=\"widget\" data-widget_type=\"image.default\">\n\t\t\t\t<div class=\"elementor-widget-container\">\n\t\t\t\t\t\t\t\t\t\t\t\t\t\t\t<img decoding=\"async\" width=\"976\" height=\"549\" src=\"https:\/\/solarconnectafrica.com\/staging\/wp-content\/uploads\/2025\/02\/128312714_bbcmp_cameroon.png.webp\" class=\"attachment-large size-large wp-image-2928\" alt=\"\" srcset=\"https:\/\/solarconnectafrica.com\/staging\/wp-content\/uploads\/2025\/02\/128312714_bbcmp_cameroon.png.webp 976w, https:\/\/solarconnectafrica.com\/staging\/wp-content\/uploads\/2025\/02\/128312714_bbcmp_cameroon.png-300x169.webp 300w, https:\/\/solarconnectafrica.com\/staging\/wp-content\/uploads\/2025\/02\/128312714_bbcmp_cameroon.png-768x432.webp 768w\" sizes=\"(max-width: 976px) 100vw, 976px\" \/>\t\t\t\t\t\t\t\t\t\t\t\t\t\t\t<\/div>\n\t\t\t\t<\/div>\n\t\t\t\t\t<\/div>\n\t\t<\/div>\n\t\t\t\t<div class=\"elementor-column elementor-col-33 elementor-inner-column elementor-element elementor-element-4075b5d\" data-id=\"4075b5d\" data-element_type=\"column\" data-settings=\"{&quot;background_background&quot;:&quot;classic&quot;}\">\n\t\t\t<div class=\"elementor-widget-wrap elementor-element-populated\">\n\t\t\t\t\t\t<div class=\"elementor-element elementor-element-dc1092a elementor-widget__width-initial elementor-widget elementor-widget-heading\" data-id=\"dc1092a\" data-element_type=\"widget\" data-widget_type=\"heading.default\">\n\t\t\t\t<div class=\"elementor-widget-container\">\n\t\t\t\t\t<h3 class=\"elementor-heading-title elementor-size-default\"><b>Capital:<\/b> Yaound\u00e9<b><br>Population:<\/b> 28.65 million<i> (Banque mondiale)<\/i><br><b>Langues officielles:<\/b> Fran\u00e7ais, Anglais<br><b>Devise:<\/b> Franc CFA de l'Afrique centrale<br><b>Indicatif t\u00e9l\u00e9phonique:<\/b> +237<br><b>PIB: <\/b>47.95 billion USD <i>(Banque mondiale)<\/i><br><span><b>PIB&lt;growth<span>:<\/span> <\/b><\/span><span><span>4.0%<\/span><\/span><i> (Banque mondiale)<\/i><\/h3>\t\t\t\t<\/div>\n\t\t\t\t<\/div>\n\t\t\t\t\t<\/div>\n\t\t<\/div>\n\t\t\t\t\t<\/div>\n\t\t<\/section>\n\t\t\t\t\t<\/div>\n\t\t<\/div>\n\t\t\t\t\t<\/div>\n\t\t<\/section>\n\t\t\t\t<section class=\"elementor-section elementor-top-section elementor-element elementor-element-45b601c elementor-section-content-middle elementor-section-boxed elementor-section-height-default elementor-section-height-default\" data-id=\"45b601c\" data-element_type=\"section\" data-settings=\"{&quot;background_background&quot;:&quot;classic&quot;}\">\n\t\t\t\t\t\t\t<div class=\"elementor-background-overlay\"><\/div>\n\t\t\t\t\t\t\t<div class=\"elementor-container elementor-column-gap-no\">\n\t\t\t\t\t<div class=\"elementor-column elementor-col-100 elementor-top-column elementor-element elementor-element-d535685\" data-id=\"d535685\" data-element_type=\"column\">\n\t\t\t<div class=\"elementor-widget-wrap elementor-element-populated\">\n\t\t\t\t\t\t<div class=\"elementor-element elementor-element-f4ebeb9 elementor-widget__width-initial elementor-widget elementor-widget-heading\" data-id=\"f4ebeb9\" data-element_type=\"widget\" data-widget_type=\"heading.default\">\n\t\t\t\t<div class=\"elementor-widget-container\">\n\t\t\t\t\t<h2 class=\"elementor-heading-title elementor-size-default\">Le Cameroun, dot\u00e9 d'abondantes ressources naturelles telles que le p\u00e9trole, le gaz, les minerais, le bois de haute valeur et les produits agricoles, est en bonne voie pour conna\u00eetre une croissance \u00e9conomique r\u00e9guli\u00e8re. Les projections de la Banque Africaine de D\u00e9veloppement (BAD) indiquent que l'expansion du PIB pourrait atteindre <b>4.4%<\/b> d'ici la fin de 2025. <br><br>Le Cameroun avance activement dans son secteur des \u00e9nergies renouvelables, en mettant un accent particulier sur l'\u00e9nergie solaire et les solutions de stockage d'\u00e9nergie. Le gouvernement a fix\u00e9 un objectif ambitieux de d\u00e9velopper <b>4 gigawatts<\/b> (GW) de capacit\u00e9 en \u00e9nergies renouvelables d'ici 2035, comprenant un m\u00e9lange d'\u00e9nergie solaire, \u00e9olienne, hydraulique, de biomasse et de syst\u00e8mes de stockage d'\u00e9nergie par batteries.<\/h2>\t\t\t\t<\/div>\n\t\t\t\t<\/div>\n\t\t\t\t\t<\/div>\n\t\t<\/div>\n\t\t\t\t\t<\/div>\n\t\t<\/section>\n\t\t<div class=\"elementor-element elementor-element-2ce52f9 e-flex e-con-boxed e-con e-parent\" data-id=\"2ce52f9\" data-element_type=\"container\" data-settings=\"{&quot;background_background&quot;:&quot;classic&quot;}\">\n\t\t\t\t\t<div class=\"e-con-inner\">\n\t\t<div class=\"elementor-element elementor-element-aa445f5 e-con-full e-flex e-con e-child\" data-id=\"aa445f5\" data-element_type=\"container\">\n\t\t\t\t<div class=\"elementor-element elementor-element-c1e47c3 elementor-view-default elementor-widget elementor-widget-icon\" data-id=\"c1e47c3\" data-element_type=\"widget\" data-widget_type=\"icon.default\">\n\t\t\t\t<div class=\"elementor-widget-container\">\n\t\t\t\t\t\t\t<div class=\"elementor-icon-wrapper\">\n\t\t\t<div class=\"elementor-icon\">\n\t\t\t<svg aria-hidden=\"true\" class=\"e-font-icon-svg e-fas-quote-left\" viewBox=\"0 0 512 512\" xmlns=\"http:\/\/www.w3.org\/2000\/svg\"><path d=\"M464 256h-80v-64c0-35.3 28.7-64 64-64h8c13.3 0 24-10.7 24-24V56c0-13.3-10.7-24-24-24h-8c-88.4 0-160 71.6-160 160v240c0 26.5 21.5 48 48 48h128c26.5 0 48-21.5 48-48V304c0-26.5-21.5-48-48-48zm-288 0H96v-64c0-35.3 28.7-64 64-64h8c13.3 0 24-10.7 24-24V56c0-13.3-10.7-24-24-24h-8C71.6 32 0 103.6 0 192v240c0 26.5 21.5 48 48 48h128c26.5 0 48-21.5 48-48V304c0-26.5-21.5-48-48-48z\"><\/path><\/svg>\t\t\t<\/div>\n\t\t<\/div>\n\t\t\t\t\t\t<\/div>\n\t\t\t\t<\/div>\n\t\t\t\t<div class=\"elementor-element elementor-element-28a17c0 elementor-widget elementor-widget-heading\" data-id=\"28a17c0\" data-element_type=\"widget\" data-widget_type=\"heading.default\">\n\t\t\t\t<div class=\"elementor-widget-container\">\n\t\t\t\t\t<h2 class=\"elementor-heading-title elementor-size-default\">Le volume des investissements dans ce secteur strat\u00e9gique est appel\u00e9 \u00e0 s'accro\u00eetre, \u00e0 la faveur de la maturation de plusieurs projets hydro\u00e9lectriques et photovolta\u00efques.<br><br>\nPour ce qui est des zones rurales notamment, la quatri\u00e8me phase du projet d'\u00e9lectrification de mille localit\u00e9s par l'\u00e9nergie solaire va se poursuivre. Il en est de m\u00eame de la construction de 360 centrales solaires, dans les unit\u00e9s administratives non encore \u00e9lectrifi\u00e9es.<\/h2>\t\t\t\t<\/div>\n\t\t\t\t<\/div>\n\t\t\t\t<\/div>\n\t\t<div class=\"elementor-element elementor-element-509d5ca e-con-full e-flex e-con e-child\" data-id=\"509d5ca\" data-element_type=\"container\">\n\t\t\t\t<div class=\"elementor-element elementor-element-3548b12 e-transform e-transform elementor-widget elementor-widget-image\" data-id=\"3548b12\" data-element_type=\"widget\" data-settings=\"{&quot;_transform_translateX_effect&quot;:{&quot;unit&quot;:&quot;px&quot;,&quot;size&quot;:&quot;&quot;,&quot;sizes&quot;:[]},&quot;_transform_translateX_effect_tablet&quot;:{&quot;unit&quot;:&quot;px&quot;,&quot;size&quot;:&quot;&quot;,&quot;sizes&quot;:[]},&quot;_transform_translateX_effect_mobile&quot;:{&quot;unit&quot;:&quot;px&quot;,&quot;size&quot;:&quot;&quot;,&quot;sizes&quot;:[]},&quot;_transform_translateY_effect&quot;:{&quot;unit&quot;:&quot;px&quot;,&quot;size&quot;:&quot;&quot;,&quot;sizes&quot;:[]},&quot;_transform_translateY_effect_tablet&quot;:{&quot;unit&quot;:&quot;px&quot;,&quot;size&quot;:&quot;&quot;,&quot;sizes&quot;:[]},&quot;_transform_translateY_effect_mobile&quot;:{&quot;unit&quot;:&quot;px&quot;,&quot;size&quot;:&quot;&quot;,&quot;sizes&quot;:[]},&quot;_transform_scale_effect&quot;:{&quot;unit&quot;:&quot;px&quot;,&quot;size&quot;:&quot;&quot;,&quot;sizes&quot;:[]},&quot;_transform_scale_effect_tablet&quot;:{&quot;unit&quot;:&quot;px&quot;,&quot;size&quot;:&quot;&quot;,&quot;sizes&quot;:[]},&quot;_transform_scale_effect_mobile&quot;:{&quot;unit&quot;:&quot;px&quot;,&quot;size&quot;:&quot;&quot;,&quot;sizes&quot;:[]}}\" data-widget_type=\"image.default\">\n\t\t\t\t<div class=\"elementor-widget-container\">\n\t\t\t\t\t\t\t\t\t\t\t\t\t\t\t<img decoding=\"async\" width=\"750\" height=\"447\" src=\"https:\/\/solarconnectafrica.com\/staging\/wp-content\/uploads\/2025\/02\/speech_end_of_year_31_dec_2024_inh-1.jpg\" class=\"attachment-large size-large wp-image-2985\" alt=\"\" srcset=\"https:\/\/solarconnectafrica.com\/staging\/wp-content\/uploads\/2025\/02\/speech_end_of_year_31_dec_2024_inh-1.jpg 750w, https:\/\/solarconnectafrica.com\/staging\/wp-content\/uploads\/2025\/02\/speech_end_of_year_31_dec_2024_inh-1-300x179.jpg 300w\" sizes=\"(max-width: 750px) 100vw, 750px\" \/>\t\t\t\t\t\t\t\t\t\t\t\t\t\t\t<\/div>\n\t\t\t\t<\/div>\n\t\t\t\t<div class=\"elementor-element elementor-element-561802d elementor-widget elementor-widget-heading\" data-id=\"561802d\" data-element_type=\"widget\" data-widget_type=\"heading.default\">\n\t\t\t\t<div class=\"elementor-widget-container\">\n\t\t\t\t\t<h5 class=\"elementor-heading-title elementor-size-default\"><b>S.E. Paul Biya<\/b><\/h5>\t\t\t\t<\/div>\n\t\t\t\t<\/div>\n\t\t\t\t<div class=\"elementor-element elementor-element-920f890 elementor-widget elementor-widget-heading\" data-id=\"920f890\" data-element_type=\"widget\" data-widget_type=\"heading.default\">\n\t\t\t\t<div class=\"elementor-widget-container\">\n\t\t\t\t\t<h6 class=\"elementor-heading-title elementor-size-default\">Pr\u00e9sident de la R\u00e9publique du Cameroun<\/h6>\t\t\t\t<\/div>\n\t\t\t\t<\/div>\n\t\t\t\t<\/div>\n\t\t\t\t\t<\/div>\n\t\t\t\t<\/div>\n\t\t<div class=\"elementor-element elementor-element-665ab6f e-flex e-con-boxed e-con e-parent\" data-id=\"665ab6f\" data-element_type=\"container\" data-settings=\"{&quot;background_background&quot;:&quot;classic&quot;}\">\n\t\t\t\t\t<div class=\"e-con-inner\">\n\t\t<div class=\"elementor-element elementor-element-15a04d3 e-con-full e-flex e-con e-child\" data-id=\"15a04d3\" data-element_type=\"container\">\n\t\t\t\t<div class=\"elementor-element elementor-element-2f2a952 elementor-widget__width-initial elementor-widget elementor-widget-heading\" data-id=\"2f2a952\" data-element_type=\"widget\" data-widget_type=\"heading.default\">\n\t\t\t\t<div class=\"elementor-widget-container\">\n\t\t\t\t\t<h2 class=\"elementor-heading-title elementor-size-default\"><span style=\"font-size:30.0pt;font-family;color:#F5DD5F;font-weight:bold\">TENDANCE R\u00c9GIONALE<\/span><\/h2>\t\t\t\t<\/div>\n\t\t\t\t<\/div>\n\t\t\t\t<div class=\"elementor-element elementor-element-7a2afac elementor-widget__width-initial elementor-widget elementor-widget-heading\" data-id=\"7a2afac\" data-element_type=\"widget\" data-widget_type=\"heading.default\">\n\t\t\t\t<div class=\"elementor-widget-container\">\n\t\t\t\t\t<h2 class=\"elementor-heading-title elementor-size-default\">Port\u00e9 par un rayonnement solaire d\u00e9passant souvent <b>5 kWh\/m\u00b2\/jour<\/b>, une demande \u00e9nerg\u00e9tique en croissance rapide et des politiques gouvernementales favorables, le march\u00e9 de l'\u00e9nergie solaire et de stockage en Afrique centrale et occidentale est sur le point de conna\u00eetre une croissance remarquable. <b>Cette expansion est acc\u00e9l\u00e9r\u00e9e par les avanc\u00e9es technologiques dans les panneaux solaires et les syst\u00e8mes de stockage d'\u00e9nergie et par l'augmentation des investissements des secteurs public et priv\u00e9.<\/b> En outre, les initiatives visant \u00e0 combler les \u00e9carts entre la demande et l'offre d'\u00e9lectricit\u00e9 catalysent davantage la croissance de ce march\u00e9.<\/h2>\t\t\t\t<\/div>\n\t\t\t\t<\/div>\n\t\t\t\t<\/div>\n\t\t<div class=\"elementor-element elementor-element-c2e8eed e-con-full e-flex e-con e-child\" data-id=\"c2e8eed\" data-element_type=\"container\">\n\t\t\t\t<div class=\"elementor-element elementor-element-eae8e37 elementor-widget-mobile__width-inherit elementor-absolute elementor-widget elementor-widget-image\" data-id=\"eae8e37\" data-element_type=\"widget\" data-settings=\"{&quot;_position&quot;:&quot;absolute&quot;}\" data-widget_type=\"image.default\">\n\t\t\t\t<div class=\"elementor-widget-container\">\n\t\t\t\t\t\t\t\t\t\t\t\t\t\t\t<img loading=\"lazy\" decoding=\"async\" width=\"173\" height=\"122\" src=\"https:\/\/solarconnectafrica.com\/staging\/wp-content\/uploads\/2024\/12\/Screenshot-2024-12-18-014921.png\" class=\"attachment-full size-full wp-image-2424\" alt=\"\" srcset=\"https:\/\/solarconnectafrica.com\/staging\/wp-content\/uploads\/2024\/12\/Screenshot-2024-12-18-014921.png 173w, https:\/\/solarconnectafrica.com\/staging\/wp-content\/uploads\/2024\/12\/elementor\/thumbs\/Screenshot-2024-12-18-014921-qynzpvt2nz9yjlkdg2kuhio7tuz9axac6u0gsowmkq.png 1w\" sizes=\"(max-width: 173px) 100vw, 173px\" \/>\t\t\t\t\t\t\t\t\t\t\t\t\t\t\t<\/div>\n\t\t\t\t<\/div>\n\t\t\t\t<div class=\"elementor-element elementor-element-b2d09f9 elementor-widget-mobile__width-initial elementor-absolute elementor-widget elementor-widget-image\" data-id=\"b2d09f9\" data-element_type=\"widget\" data-settings=\"{&quot;_position&quot;:&quot;absolute&quot;}\" data-widget_type=\"image.default\">\n\t\t\t\t<div class=\"elementor-widget-container\">\n\t\t\t\t\t\t\t\t\t\t\t\t\t\t\t<img decoding=\"async\" src=\"https:\/\/solarconnectafrica.com\/staging\/wp-content\/uploads\/elementor\/thumbs\/i1qjB0bp-qzh0vhn38816hykqr7lcpsvve0p3mderrbgfg2qox8.jpg\" title=\"i1qjB0bp\" alt=\"i1qjB0bp\" loading=\"lazy\" \/>\t\t\t\t\t\t\t\t\t\t\t\t\t\t\t<\/div>\n\t\t\t\t<\/div>\n\t\t\t\t<div class=\"elementor-element elementor-element-138669c elementor-absolute elementor-widget__width-inherit elementor-widget-tablet__width-inherit elementor-widget-mobile__width-inherit elementor-widget elementor-widget-image\" data-id=\"138669c\" data-element_type=\"widget\" data-settings=\"{&quot;_position&quot;:&quot;absolute&quot;}\" data-widget_type=\"image.default\">\n\t\t\t\t<div class=\"elementor-widget-container\">\n\t\t\t\t\t\t\t\t\t\t\t\t\t\t\t<img decoding=\"async\" src=\"https:\/\/solarconnectafrica.com\/staging\/wp-content\/uploads\/elementor\/thumbs\/iStock-1665925516-scaled-qyqvegx4gofs4y5pe810mml4mn6npg2s6caf3thz4w.jpg\" title=\"Renewable energy, solar panels and team walking on roof planning for inspection at sustainable business. Engineering, sustainability and photovoltaic power, men in electricity maintenance from above.\" alt=\"Renewable energy, solar panels and team walking on roof planning for inspection at sustainable business. Engineering, sustainability and photovoltaic power on rooftop, men in electricity maintenance.\" loading=\"lazy\" \/>\t\t\t\t\t\t\t\t\t\t\t\t\t\t\t<\/div>\n\t\t\t\t<\/div>\n\t\t\t\t<\/div>\n\t\t\t\t\t<\/div>\n\t\t\t\t<\/div>\n\t\t<div class=\"elementor-element elementor-element-92f050b e-flex e-con-boxed e-con e-parent\" data-id=\"92f050b\" data-element_type=\"container\" data-settings=\"{&quot;background_background&quot;:&quot;classic&quot;}\">\n\t\t\t\t\t<div class=\"e-con-inner\">\n\t\t\t\t<div class=\"elementor-element elementor-element-f7701da elementor-widget elementor-widget-image\" data-id=\"f7701da\" data-element_type=\"widget\" data-widget_type=\"image.default\">\n\t\t\t\t<div class=\"elementor-widget-container\">\n\t\t\t\t\t\t\t\t\t\t\t\t\t\t\t<img loading=\"lazy\" decoding=\"async\" width=\"315\" height=\"4\" src=\"https:\/\/solarconnectafrica.com\/staging\/wp-content\/uploads\/2024\/12\/pic14-e1734484911649.png\" class=\"attachment-large size-large wp-image-2426\" alt=\"\" srcset=\"https:\/\/solarconnectafrica.com\/staging\/wp-content\/uploads\/2024\/12\/pic14-e1734484911649.png 315w, https:\/\/solarconnectafrica.com\/staging\/wp-content\/uploads\/2024\/12\/pic14-e1734484911649-300x4.png 300w\" sizes=\"(max-width: 315px) 100vw, 315px\" \/>\t\t\t\t\t\t\t\t\t\t\t\t\t\t\t<\/div>\n\t\t\t\t<\/div>\n\t\t\t\t\t<\/div>\n\t\t\t\t<\/div>\n\t\t<div class=\"elementor-element elementor-element-ae61eff e-flex e-con-boxed e-con e-parent\" data-id=\"ae61eff\" data-element_type=\"container\" data-settings=\"{&quot;background_background&quot;:&quot;classic&quot;}\">\n\t\t\t\t\t<div class=\"e-con-inner\">\n\t\t<div class=\"elementor-element elementor-element-d1a1e36 e-grid e-con-full e-con e-child\" data-id=\"d1a1e36\" data-element_type=\"container\">\n\t\t<div class=\"elementor-element elementor-element-228e528 e-con-full e-flex e-con e-child\" data-id=\"228e528\" data-element_type=\"container\">\n\t\t\t\t<div class=\"elementor-element elementor-element-0623d44 elementor-widget elementor-widget-heading\" data-id=\"0623d44\" data-element_type=\"widget\" data-widget_type=\"heading.default\">\n\t\t\t\t<div class=\"elementor-widget-container\">\n\t\t\t\t\t<h2 class=\"elementor-heading-title elementor-size-default\"><b>DATES<\/b><\/h2>\t\t\t\t<\/div>\n\t\t\t\t<\/div>\n\t\t\t\t<div class=\"elementor-element elementor-element-ac53b7b elementor-widget elementor-widget-heading\" data-id=\"ac53b7b\" data-element_type=\"widget\" data-widget_type=\"heading.default\">\n\t\t\t\t<div class=\"elementor-widget-container\">\n\t\t\t\t\t<h3 class=\"elementor-heading-title elementor-size-default\">27 au 29 octobre<br>\nPalais des Congr\u00e8s  <br>\nYaound\u00e9 Cameroun<\/h3>\t\t\t\t<\/div>\n\t\t\t\t<\/div>\n\t\t\t\t<\/div>\n\t\t<div class=\"elementor-element elementor-element-4d486a6 e-con-full e-flex e-con e-child\" data-id=\"4d486a6\" data-element_type=\"container\">\n\t\t\t\t<div class=\"elementor-element elementor-element-b8c1b27 elementor-widget elementor-widget-heading\" data-id=\"b8c1b27\" data-element_type=\"widget\" data-widget_type=\"heading.default\">\n\t\t\t\t<div class=\"elementor-widget-container\">\n\t\t\t\t\t<h2 class=\"elementor-heading-title elementor-size-default\"><b>INFORMATION<\/b><\/h2>\t\t\t\t<\/div>\n\t\t\t\t<\/div>\n\t\t<div class=\"elementor-element elementor-element-be56c81 e-con-full e-flex e-con e-child\" data-id=\"be56c81\" data-element_type=\"container\">\n\t\t\t\t<div class=\"elementor-element elementor-element-516382f elementor-widget elementor-widget-heading\" data-id=\"516382f\" data-element_type=\"widget\" data-widget_type=\"heading.default\">\n\t\t\t\t<div class=\"elementor-widget-container\">\n\t\t\t\t\t<h3 class=\"elementor-heading-title elementor-size-default\"><a href=\"https:\/\/solarconnectafrica.com\/staging\/pass-visiteur-gratuit\/\" https=\"\"><u>Badge visiteur gratuit<\/u><\/a><\/h3>\t\t\t\t<\/div>\n\t\t\t\t<\/div>\n\t\t\t\t<div class=\"elementor-element elementor-element-86bb163 elementor-widget elementor-widget-heading\" data-id=\"86bb163\" data-element_type=\"widget\" data-widget_type=\"heading.default\">\n\t\t\t\t<div class=\"elementor-widget-container\">\n\t\t\t\t\t<h3 class=\"elementor-heading-title elementor-size-default\"><a href=\"https:\/\/solarconnectafrica.com\/staging\/reserver-un-stand\/\"><u>R\u00e9servez un stand<\/u><\/a><\/h3>\t\t\t\t<\/div>\n\t\t\t\t<\/div>\n\t\t\t\t<div class=\"elementor-element elementor-element-e9c83c2 elementor-widget elementor-widget-heading\" data-id=\"e9c83c2\" data-element_type=\"widget\" data-widget_type=\"heading.default\">\n\t\t\t\t<div class=\"elementor-widget-container\">\n\t\t\t\t\t<h3 class=\"elementor-heading-title elementor-size-default\"><a href=\"https:\/\/solarconnectafrica.com\/staging\/devenir-un-partenaire\/\"><u>Devenez un Partenaire<\/u><\/a><\/h3>\t\t\t\t<\/div>\n\t\t\t\t<\/div>\n\t\t\t\t<div class=\"elementor-element elementor-element-69c8167 elementor-widget elementor-widget-heading\" data-id=\"69c8167\" data-element_type=\"widget\" data-widget_type=\"heading.default\">\n\t\t\t\t<div class=\"elementor-widget-container\">\n\t\t\t\t\t<h3 class=\"elementor-heading-title elementor-size-default\"><a href=\"https:\/\/solarconnectafrica.com\/staging\/about-the-event-2\/\" https=\"\"><u>\u00c0 Propos<\/u><\/a><\/h3>\t\t\t\t<\/div>\n\t\t\t\t<\/div>\n\t\t\t\t<div class=\"elementor-element elementor-element-84a9eca elementor-widget elementor-widget-heading\" data-id=\"84a9eca\" data-element_type=\"widget\" data-widget_type=\"heading.default\">\n\t\t\t\t<div class=\"elementor-widget-container\">\n\t\t\t\t\t<h3 class=\"elementor-heading-title elementor-size-default\"><a href=\"https:\/\/solarconnectafrica.com\/staging\/pays-daccueil&#038;\/\"><u>Pays d'accueil<\/u><\/a><\/h3>\t\t\t\t<\/div>\n\t\t\t\t<\/div>\n\t\t\t\t<div class=\"elementor-element elementor-element-d64136c elementor-widget elementor-widget-heading\" data-id=\"d64136c\" data-element_type=\"widget\" data-widget_type=\"heading.default\">\n\t\t\t\t<div class=\"elementor-widget-container\">\n\t\t\t\t\t<h3 class=\"elementor-heading-title elementor-size-default\"><a href=\"https:\/\/solarconnectafrica.com\/staging\/fr\/voyage-et-hebergement\/\"><u>Voyage et h\u00e9bergement<\/u><\/a><\/h3>\t\t\t\t<\/div>\n\t\t\t\t<\/div>\n\t\t\t\t<div class=\"elementor-element elementor-element-a2e1ac1 elementor-widget elementor-widget-heading\" data-id=\"a2e1ac1\" data-element_type=\"widget\" data-widget_type=\"heading.default\">\n\t\t\t\t<div class=\"elementor-widget-container\">\n\t\t\t\t\t<h3 class=\"elementor-heading-title elementor-size-default\"><a href=\"https:\/\/solarconnectafrica.com\/staging\/fr\/galerie\/\"><u>Galerie<\/u><\/a><\/h3>\t\t\t\t<\/div>\n\t\t\t\t<\/div>\n\t\t\t\t<div class=\"elementor-element elementor-element-701f34e elementor-widget elementor-widget-heading\" data-id=\"701f34e\" data-element_type=\"widget\" data-widget_type=\"heading.default\">\n\t\t\t\t<div class=\"elementor-widget-container\">\n\t\t\t\t\t<h3 class=\"elementor-heading-title elementor-size-default\"><a href=\"https:\/\/solarconnectafrica.com\/staging\/fr\/presse-media\/\"><u>Presse &amp; Media<\/u><\/a><\/h3>\t\t\t\t<\/div>\n\t\t\t\t<\/div>\n\t\t\t\t<div class=\"elementor-element elementor-element-9ebc4c5 elementor-widget elementor-widget-heading\" data-id=\"9ebc4c5\" data-element_type=\"widget\" data-widget_type=\"heading.default\">\n\t\t\t\t<div class=\"elementor-widget-container\">\n\t\t\t\t\t<h3 class=\"elementor-heading-title elementor-size-default\"><a href=\"https:\/\/solarconnectafrica.com\/staging\/fr\/politique-de-confidentialite\/\"><u>Politique de confidentialit\u00e9<\/u><\/a><\/h3>\t\t\t\t<\/div>\n\t\t\t\t<\/div>\n\t\t\t\t<div class=\"elementor-element elementor-element-a4134b2 elementor-widget elementor-widget-heading\" data-id=\"a4134b2\" data-element_type=\"widget\" data-widget_type=\"heading.default\">\n\t\t\t\t<div class=\"elementor-widget-container\">\n\t\t\t\t\t<h3 class=\"elementor-heading-title elementor-size-default\"><a href=\"https:\/\/solarconnectafrica.com\/staging\/fr\/conditions-generales\/\"><u>Termes et conditions<\/u><\/a><\/h3>\t\t\t\t<\/div>\n\t\t\t\t<\/div>\n\t\t\t\t<\/div>\n\t\t\t\t<\/div>\n\t\t<div class=\"elementor-element elementor-element-21e2579 e-con-full e-flex e-con e-child\" data-id=\"21e2579\" data-element_type=\"container\">\n\t\t\t\t<div class=\"elementor-element elementor-element-ed52c67 elementor-widget elementor-widget-heading\" data-id=\"ed52c67\" data-element_type=\"widget\" data-widget_type=\"heading.default\">\n\t\t\t\t<div class=\"elementor-widget-container\">\n\t\t\t\t\t<h2 class=\"elementor-heading-title elementor-size-default\"><b>CONTACT<\/b><\/h2>\t\t\t\t<\/div>\n\t\t\t\t<\/div>\n\t\t\t\t<div class=\"elementor-element elementor-element-1cfdb38 elementor-widget elementor-widget-heading\" data-id=\"1cfdb38\" data-element_type=\"widget\" data-widget_type=\"heading.default\">\n\t\t\t\t<div class=\"elementor-widget-container\">\n\t\t\t\t\t<h3 class=\"elementor-heading-title elementor-size-default\">contact@solarconnectafrica.com<br>\n+237 652 06 51 00<br>\n+237 691 31 26 79<\/h3>\t\t\t\t<\/div>\n\t\t\t\t<\/div>\n\t\t\t\t<\/div>\n\t\t\t\t<\/div>\n\t\t\t\t\t<\/div>\n\t\t\t\t<\/div>\n\t\t<div class=\"elementor-element elementor-element-cafdb55 e-flex e-con-boxed e-con e-parent\" data-id=\"cafdb55\" data-element_type=\"container\" data-settings=\"{&quot;background_background&quot;:&quot;classic&quot;}\">\n\t\t\t\t\t<div class=\"e-con-inner\">\n\t\t\t\t\t<\/div>\n\t\t\t\t<\/div>\n\t\t\t\t<\/div>\n\t\t","protected":false},"excerpt":{"rendered":"<p>\u00c0 PROPOS DU CAMEROUN Situ\u00e9 au centre-ouest de l&#8217;Afrique, le Cameroun est un pays connu pour sa riche diversit\u00e9 culturelle et g\u00e9ographique. Il partage des fronti\u00e8res avec le Nig\u00e9ria \u00e0 l&#8217;ouest, le Tchad au nord-est, la R\u00e9publique centrafricaine \u00e0 l&#8217;est et la Guin\u00e9e \u00e9quatoriale, le Gabon et la R\u00e9publique du Congo au sud. Son littoral [&hellip;]<\/p>\n","protected":false},"author":1,"featured_media":0,"parent":0,"menu_order":0,"comment_status":"closed","ping_status":"closed","template":"","meta":{"site-sidebar-layout":"no-sidebar","site-content-layout":"page-builder","ast-site-content-layout":"full-width-container","site-content-style":"default","site-sidebar-style":"default","ast-global-header-display":"","ast-banner-title-visibility":"","ast-main-header-display":"","ast-hfb-above-header-display":"","ast-hfb-below-header-display":"","ast-hfb-mobile-header-display":"","site-post-title":"disabled","ast-breadcrumbs-content":"","ast-featured-img":"disabled","footer-sml-layout":"","theme-transparent-header-meta":"","adv-header-id-meta":"","stick-header-meta":"","header-above-stick-meta":"","header-main-stick-meta":"","header-below-stick-meta":"","astra-migrate-meta-layouts":"set","ast-page-background-enabled":"default","ast-page-background-meta":{"desktop":{"background-color":"var(--ast-global-color-4)","background-image":"","background-repeat":"repeat","background-position":"center center","background-size":"auto","background-attachment":"scroll","background-type":"","background-media":"","overlay-type":"","overlay-color":"","overlay-opacity":"","overlay-gradient":""},"tablet":{"background-color":"","background-image":"","background-repeat":"repeat","background-position":"center center","background-size":"auto","background-attachment":"scroll","background-type":"","background-media":"","overlay-type":"","overlay-color":"","overlay-opacity":"","overlay-gradient":""},"mobile":{"background-color":"","background-image":"","background-repeat":"repeat","background-position":"center center","background-size":"auto","background-attachment":"scroll","background-type":"","background-media":"","overlay-type":"","overlay-color":"","overlay-opacity":"","overlay-gradient":""}},"ast-content-background-meta":{"desktop":{"background-color":"var(--ast-global-color-5)","background-image":"","background-repeat":"repeat","background-position":"center center","background-size":"auto","background-attachment":"scroll","background-type":"","background-media":"","overlay-type":"","overlay-color":"","overlay-opacity":"","overlay-gradient":""},"tablet":{"background-color":"var(--ast-global-color-5)","background-image":"","background-repeat":"repeat","background-position":"center center","background-size":"auto","background-attachment":"scroll","background-type":"","background-media":"","overlay-type":"","overlay-color":"","overlay-opacity":"","overlay-gradient":""},"mobile":{"background-color":"var(--ast-global-color-5)","background-image":"","background-repeat":"repeat","background-position":"center center","background-size":"auto","background-attachment":"scroll","background-type":"","background-media":"","overlay-type":"","overlay-color":"","overlay-opacity":"","overlay-gradient":""}},"footnotes":""},"class_list":["post-3519","page","type-page","status-publish","hentry"],"_links":{"self":[{"href":"https:\/\/solarconnectafrica.com\/staging\/wp-json\/wp\/v2\/pages\/3519","targetHints":{"allow":["GET"]}}],"collection":[{"href":"https:\/\/solarconnectafrica.com\/staging\/wp-json\/wp\/v2\/pages"}],"about":[{"href":"https:\/\/solarconnectafrica.com\/staging\/wp-json\/wp\/v2\/types\/page"}],"author":[{"embeddable":true,"href":"https:\/\/solarconnectafrica.com\/staging\/wp-json\/wp\/v2\/users\/1"}],"replies":[{"embeddable":true,"href":"https:\/\/solarconnectafrica.com\/staging\/wp-json\/wp\/v2\/comments?post=3519"}],"version-history":[{"count":40,"href":"https:\/\/solarconnectafrica.com\/staging\/wp-json\/wp\/v2\/pages\/3519\/revisions"}],"predecessor-version":[{"id":4693,"href":"https:\/\/solarconnectafrica.com\/staging\/wp-json\/wp\/v2\/pages\/3519\/revisions\/4693"}],"wp:attachment":[{"href":"https:\/\/solarconnectafrica.com\/staging\/wp-json\/wp\/v2\/media?parent=3519"}],"curies":[{"name":"wp","href":"https:\/\/api.w.org\/{rel}","templated":true}]}}